{"id":959,"date":"2024-09-29T23:36:09","date_gmt":"2024-09-29T23:36:09","guid":{"rendered":"https:\/\/unikal.ac.cd\/?page_id=959"},"modified":"2024-09-30T00:08:49","modified_gmt":"2024-09-30T00:08:49","slug":"le-recteur-p-o-victor-kalunga-tshikala-visite-les-jeunes-du-corps-de-jeunes-pour-le-climat","status":"publish","type":"page","link":"https:\/\/unikal.ac.cd\/index.php\/le-recteur-p-o-victor-kalunga-tshikala-visite-les-jeunes-du-corps-de-jeunes-pour-le-climat\/","title":{"rendered":"LE RECTEUR P.O VICTOR KALUNGA TSHIKALA VISITE LES JEUNES DU CORPS DE JEUNES POUR LE CLIMAT."},"content":{"rendered":"\t\t<div data-elementor-type=\"wp-page\" data-elementor-id=\"959\" class=\"elementor elementor-959\">\n\t\t\t\t\t\t<section class=\"elementor-section elementor-top-section elementor-element elementor-element-6fd4f39 elementor-section-stretched elementor-section-boxed elementor-section-height-default elementor-section-height-default\" data-id=\"6fd4f39\" data-element_type=\"section\" data-e-type=\"section\" data-settings=\"{&quot;stretch_section&quot;:&quot;section-stretched&quot;}\">\n\t\t\t\t\t\t<div class=\"elementor-container elementor-column-gap-default\">\n\t\t\t\t\t<div class=\"elementor-column elementor-col-100 elementor-top-column elementor-element elementor-element-5645fef\" data-id=\"5645fef\" data-element_type=\"column\" data-e-type=\"column\">\n\t\t\t<div class=\"elementor-widget-wrap elementor-element-populated\">\n\t\t\t\t\t\t<div class=\"elementor-element elementor-element-1194d8f elementor-widget elementor-widget-heading\" data-id=\"1194d8f\" data-element_type=\"widget\" data-e-type=\"widget\" data-widget_type=\"heading.default\">\n\t\t\t\t<div class=\"elementor-widget-container\">\n\t\t\t\t\t<h2 class=\"elementor-heading-title elementor-size-default\"> LE RECTEUR P.O VICTOR KALUNGA TSHIKALA VISITE LES JEUNES DU CORPS DE JEUNES POUR LE CLIMAT.<\/h2>\t\t\t\t<\/div>\n\t\t\t\t<\/div>\n\t\t\t\t\t<\/div>\n\t\t<\/div>\n\t\t\t\t\t<\/div>\n\t\t<\/section>\n\t\t\t\t<section class=\"elementor-section elementor-top-section elementor-element elementor-element-e22c87c elementor-section-stretched elementor-section-boxed elementor-section-height-default elementor-section-height-default\" data-id=\"e22c87c\" data-element_type=\"section\" data-e-type=\"section\" data-settings=\"{&quot;stretch_section&quot;:&quot;section-stretched&quot;}\">\n\t\t\t\t\t\t<div class=\"elementor-container elementor-column-gap-default\">\n\t\t\t\t\t<div class=\"elementor-column elementor-col-50 elementor-top-column elementor-element elementor-element-95c87e6\" data-id=\"95c87e6\" data-element_type=\"column\" data-e-type=\"column\">\n\t\t\t<div class=\"elementor-widget-wrap elementor-element-populated\">\n\t\t\t\t\t\t<div class=\"elementor-element elementor-element-ac207b4 elementor-widget elementor-widget-image\" data-id=\"ac207b4\" data-element_type=\"widget\" data-e-type=\"widget\" data-widget_type=\"image.default\">\n\t\t\t\t<div class=\"elementor-widget-container\">\n\t\t\t\t\t\t\t\t\t\t\t\t\t\t\t\t<a href=\"https:\/\/unikal.ac.cd\/index.php\/le-recteur-p-o-victor-kalunga-tshikala-visite-les-jeunes-du-corps-de-jeunes-pour-le-climat\/\">\n\t\t\t\t\t\t\t<img fetchpriority=\"high\" decoding=\"async\" width=\"640\" height=\"640\" src=\"https:\/\/unikal.ac.cd\/wp-content\/uploads\/2024\/09\/a3893e14-5bd0-4c9c-978a-ea700d106fa3-1024x1024.jpg\" class=\"attachment-large size-large wp-image-942\" alt=\"\" srcset=\"https:\/\/unikal.ac.cd\/wp-content\/uploads\/2024\/09\/a3893e14-5bd0-4c9c-978a-ea700d106fa3-1024x1024.jpg 1024w, https:\/\/unikal.ac.cd\/wp-content\/uploads\/2024\/09\/a3893e14-5bd0-4c9c-978a-ea700d106fa3-300x300.jpg 300w, https:\/\/unikal.ac.cd\/wp-content\/uploads\/2024\/09\/a3893e14-5bd0-4c9c-978a-ea700d106fa3-150x150.jpg 150w\" sizes=\"(max-width: 640px) 100vw, 640px\" \/>\t\t\t\t\t\t\t\t<\/a>\n\t\t\t\t\t\t\t\t\t\t\t\t\t\t\t<\/div>\n\t\t\t\t<\/div>\n\t\t\t\t\t<\/div>\n\t\t<\/div>\n\t\t\t\t<div class=\"elementor-column elementor-col-50 elementor-top-column elementor-element elementor-element-fabca86\" data-id=\"fabca86\" data-element_type=\"column\" data-e-type=\"column\">\n\t\t\t<div class=\"elementor-widget-wrap elementor-element-populated\">\n\t\t\t\t\t\t<div class=\"elementor-element elementor-element-10e6ff0 elementor-widget elementor-widget-text-editor\" data-id=\"10e6ff0\" data-element_type=\"widget\" data-e-type=\"widget\" data-widget_type=\"text-editor.default\">\n\t\t\t\t<div class=\"elementor-widget-container\">\n\t\t\t\t\t\t\t\t\t<p>Le Recteur de l&#8217;Universit\u00e9 de Kalemie, le Professeur ordinaire Victor KALUNGA TSHIKALA a effectu\u00e9 ce mardi 03 septembre 2024 une visite au Centre d&#8217;encadrement des 20 jeunes inscrits au Programme du Corps de Jeunes pour le Climat, mis en \u0153uvre pour la toute premi\u00e8re fois en Afrique Centrale, plus pr\u00e9cis\u00e9ment dans la ville de Kalemie en R\u00e9publique D\u00e9mocratique du Congo, Province du Tanganyika sous l&#8217;appui technique du d\u00e9partement d&#8217;\u00c9tat Am\u00e9ricain.<\/p><p>Cette visite du Recteur de l&#8217;Universit\u00e9 de Kalemie s&#8217;inscrit dans le cadre d&#8217;un partenariat entre son \u00e9tablissement et USFS qui b\u00e9n\u00e9ficie de l&#8217;appui du personnel scientifique dans l&#8217;animation des modules de formation au profit des 20 Jeunes.<\/p><p>\u00c9mu des r\u00e9alisations \u00e0 mi parcours accomplies par les jeunes de cette premi\u00e8re cohorte du CJC dans la production des cultures mara\u00eech\u00e8res, ( choux pomm\u00e9s, choux de Chine, carottes, oignons, tomates, betteraves sucri\u00e8re, aubergines, etc.) le Docteur en Droit de l&#8217;environnement et Professeur ordinaire de l&#8217;Universit\u00e9 de Lubumbashi, a \u00e9mis le v\u0153u d&#8217;encadrer les Jeunes et partager son exp\u00e9rience sur les instruments juridiques nationaux et internationaux face \u00e0 la protection de l&#8217;environnement. Par l\u00e0, au nom de l&#8217;Universit\u00e9 de Kalemie, le Recteur P.O Victor KALUNGA TSHIKALA a donn\u00e9 son quitus afin que le certificat qui sera remis aux jeunes de YCC au terme de leur formation soit contresign\u00e9 par son institution, d&#8217;autant plus cela rentre dans son deuxi\u00e8me volet de formation, qui est celle certifiante au del\u00e0 de celle dipl\u00f4mante.<\/p>\t\t\t\t\t\t\t\t<\/div>\n\t\t\t\t<\/div>\n\t\t\t\t\t<\/div>\n\t\t<\/div>\n\t\t\t\t\t<\/div>\n\t\t<\/section>\n\t\t\t\t<section class=\"elementor-section elementor-top-section elementor-element elementor-element-8023a1b elementor-section-stretched elementor-section-boxed elementor-section-height-default elementor-section-height-default\" data-id=\"8023a1b\" data-element_type=\"section\" data-e-type=\"section\" data-settings=\"{&quot;stretch_section&quot;:&quot;section-stretched&quot;}\">\n\t\t\t\t\t\t<div class=\"elementor-container elementor-column-gap-default\">\n\t\t\t\t\t<div class=\"elementor-column elementor-col-100 elementor-top-column elementor-element elementor-element-b27c40a\" data-id=\"b27c40a\" data-element_type=\"column\" data-e-type=\"column\">\n\t\t\t<div class=\"elementor-widget-wrap elementor-element-populated\">\n\t\t\t\t\t\t<div class=\"elementor-element elementor-element-6f41042 elementor-widget elementor-widget-text-editor\" data-id=\"6f41042\" data-element_type=\"widget\" data-e-type=\"widget\" data-widget_type=\"text-editor.default\">\n\t\t\t\t<div class=\"elementor-widget-container\">\n\t\t\t\t\t\t\t\t\t<p>De son c\u00f4t\u00e9, le Coordonnateur national du Corps de Jeunes pour le climat, l&#8217;ing\u00e9nieur et Chef de travaux ENOCK KABOZA n&#8217;a pas h\u00e9sit\u00e9 de souhaiter la bienvenue au Recteur Victor KALUNGA TSHIKALA pour la prise en charge de certains modules afin de capaciter les jeunes.<br \/><br \/>Par ailleurs, restant sur cette m\u00eame lanc\u00e9e de coop\u00e9ration, les \u00e9tudiants de l&#8217;Universit\u00e9 de Kalemie du Domaine des Sciences agronomiques et de l&#8217;environnement, b\u00e9n\u00e9ficie de l&#8217;expertise des sp\u00e9cialistes de US FOREST SERVICE et de ceux du Corps de Jeunes pour le Climat dans la pratique de l&#8217;agroforesterie au sein de leur ferme.<\/p>\t\t\t\t\t\t\t\t<\/div>\n\t\t\t\t<\/div>\n\t\t\t\t\t<\/div>\n\t\t<\/div>\n\t\t\t\t\t<\/div>\n\t\t<\/section>\n\t\t\t\t<section class=\"elementor-section elementor-top-section elementor-element elementor-element-cacc0e4 elementor-section-stretched elementor-section-boxed elementor-section-height-default elementor-section-height-default\" data-id=\"cacc0e4\" data-element_type=\"section\" data-e-type=\"section\" data-settings=\"{&quot;stretch_section&quot;:&quot;section-stretched&quot;}\">\n\t\t\t\t\t\t<div class=\"elementor-container elementor-column-gap-default\">\n\t\t\t\t\t<div class=\"elementor-column elementor-col-100 elementor-top-column elementor-element elementor-element-52fc068\" data-id=\"52fc068\" data-element_type=\"column\" data-e-type=\"column\">\n\t\t\t<div class=\"elementor-widget-wrap elementor-element-populated\">\n\t\t\t\t\t\t<div class=\"elementor-element elementor-element-e821c81 elementor-widget elementor-widget-image-carousel\" data-id=\"e821c81\" data-element_type=\"widget\" data-e-type=\"widget\" data-settings=\"{&quot;slides_to_show&quot;:&quot;3&quot;,&quot;slides_to_scroll&quot;:&quot;3&quot;,&quot;navigation&quot;:&quot;none&quot;,&quot;autoplay&quot;:&quot;yes&quot;,&quot;pause_on_hover&quot;:&quot;yes&quot;,&quot;pause_on_interaction&quot;:&quot;yes&quot;,&quot;autoplay_speed&quot;:5000,&quot;infinite&quot;:&quot;yes&quot;,&quot;speed&quot;:500}\" data-widget_type=\"image-carousel.default\">\n\t\t\t\t<div class=\"elementor-widget-container\">\n\t\t\t\t\t\t\t<div class=\"elementor-image-carousel-wrapper swiper\" role=\"region\" aria-roledescription=\"carousel\" aria-label=\"Image Carousel\" dir=\"ltr\">\n\t\t\t<div class=\"elementor-image-carousel swiper-wrapper swiper-image-stretch\" aria-live=\"off\">\n\t\t\t\t\t\t\t\t<div class=\"swiper-slide\" role=\"group\" aria-roledescription=\"slide\" aria-label=\"1 of 3\"><a data-elementor-open-lightbox=\"no\" href=\"https:\/\/unikal.ac.cd\/wp-content\/uploads\/2024\/09\/59b8d64e-32fa-4436-a229-dc74e11aeefc.jpg\"><figure class=\"swiper-slide-inner\"><img decoding=\"async\" class=\"swiper-slide-image\" src=\"https:\/\/unikal.ac.cd\/wp-content\/uploads\/2024\/09\/59b8d64e-32fa-4436-a229-dc74e11aeefc-150x150.jpg\" alt=\"59b8d64e-32fa-4436-a229-dc74e11aeefc\" \/><\/figure><\/a><\/div><div class=\"swiper-slide\" role=\"group\" aria-roledescription=\"slide\" aria-label=\"2 of 3\"><a data-elementor-open-lightbox=\"no\" href=\"https:\/\/unikal.ac.cd\/wp-content\/uploads\/2024\/09\/077f26be-2694-48a0-837f-0acfbc306d6b.jpg\"><figure class=\"swiper-slide-inner\"><img decoding=\"async\" class=\"swiper-slide-image\" src=\"https:\/\/unikal.ac.cd\/wp-content\/uploads\/2024\/09\/077f26be-2694-48a0-837f-0acfbc306d6b-150x150.jpg\" alt=\"077f26be-2694-48a0-837f-0acfbc306d6b\" \/><\/figure><\/a><\/div><div class=\"swiper-slide\" role=\"group\" aria-roledescription=\"slide\" aria-label=\"3 of 3\"><a data-elementor-open-lightbox=\"no\" href=\"https:\/\/unikal.ac.cd\/wp-content\/uploads\/2024\/09\/a3893e14-5bd0-4c9c-978a-ea700d106fa3.jpg\"><figure class=\"swiper-slide-inner\"><img decoding=\"async\" class=\"swiper-slide-image\" src=\"https:\/\/unikal.ac.cd\/wp-content\/uploads\/2024\/09\/a3893e14-5bd0-4c9c-978a-ea700d106fa3-150x150.jpg\" alt=\"a3893e14-5bd0-4c9c-978a-ea700d106fa3\" \/><\/figure><\/a><\/div>\t\t\t<\/div>\n\t\t\t\t\t\t\t\n\t\t\t\t\t\t\t\t\t<\/div>\n\t\t\t\t\t\t<\/div>\n\t\t\t\t<\/div>\n\t\t\t\t\t<\/div>\n\t\t<\/div>\n\t\t\t\t\t<\/div>\n\t\t<\/section>\n\t\t\t\t<\/div>\n\t\t","protected":false},"excerpt":{"rendered":"<p>LE RECTEUR P.O VICTOR KALUNGA TSHIKALA VISITE LES JEUNES DU CORPS DE JEUNES POUR LE CLIMAT. Le Recteur de l&#8217;Universit\u00e9 de Kalemie, le Professeur ordinaire Victor KALUNGA TSHIKALA a effectu\u00e9 ce mardi 03 septembre 2024 une visite au Centre d&#8217;encadrement des 20 jeunes inscrits au Programme du Corps de Jeunes pour le Climat, mis en&hellip;<\/p>\n","protected":false},"author":1,"featured_media":940,"parent":0,"menu_order":0,"comment_status":"closed","ping_status":"closed","template":"elementor_header_footer","meta":{"om_disable_all_campaigns":false,"_monsterinsights_skip_tracking":false,"_monsterinsights_sitenote_active":false,"_monsterinsights_sitenote_note":"","_monsterinsights_sitenote_category":0,"_uf_show_specific_survey":0,"_uf_disable_surveys":false,"footnotes":""},"class_list":["post-959","page","type-page","status-publish","has-post-thumbnail","hentry"],"yoast_head":"<!-- This site is optimized with the Yoast SEO plugin v26.9 - https:\/\/yoast.com\/product\/yoast-seo-wordpress\/ -->\n<title>LE RECTEUR P.O VICTOR KALUNGA TSHIKALA VISITE LES JEUNES DU CORPS DE JEUNES POUR LE CLIMAT. - Universit\u00e9 de Kalemie<\/title>\n<meta name=\"robots\" content=\"index, follow, max-snippet:-1, max-image-preview:large, max-video-preview:-1\" \/>\n<link rel=\"canonical\" href=\"https:\/\/unikal.ac.cd\/index.php\/le-recteur-p-o-victor-kalunga-tshikala-visite-les-jeunes-du-corps-de-jeunes-pour-le-climat\/\" \/>\n<meta property=\"og:locale\" content=\"en_US\" \/>\n<meta property=\"og:type\" content=\"article\" \/>\n<meta property=\"og:title\" content=\"LE RECTEUR P.O VICTOR KALUNGA TSHIKALA VISITE LES JEUNES DU CORPS DE JEUNES POUR LE CLIMAT. - Universit\u00e9 de Kalemie\" \/>\n<meta property=\"og:description\" content=\"LE RECTEUR P.O VICTOR KALUNGA TSHIKALA VISITE LES JEUNES DU CORPS DE JEUNES POUR LE CLIMAT. Le Recteur de l&#8217;Universit\u00e9 de Kalemie, le Professeur ordinaire Victor KALUNGA TSHIKALA a effectu\u00e9 ce mardi 03 septembre 2024 une visite au Centre d&#8217;encadrement des 20 jeunes inscrits au Programme du Corps de Jeunes pour le Climat, mis en&hellip;\" \/>\n<meta property=\"og:url\" content=\"https:\/\/unikal.ac.cd\/index.php\/le-recteur-p-o-victor-kalunga-tshikala-visite-les-jeunes-du-corps-de-jeunes-pour-le-climat\/\" \/>\n<meta property=\"og:site_name\" content=\"Universit\u00e9 de Kalemie\" \/>\n<meta property=\"article:modified_time\" content=\"2024-09-30T00:08:49+00:00\" \/>\n<meta property=\"og:image\" content=\"https:\/\/unikal.ac.cd\/wp-content\/uploads\/2024\/09\/077f26be-2694-48a0-837f-0acfbc306d6b.jpg\" \/>\n\t<meta property=\"og:image:width\" content=\"2560\" \/>\n\t<meta property=\"og:image:height\" content=\"1706\" \/>\n\t<meta property=\"og:image:type\" content=\"image\/jpeg\" \/>\n<meta name=\"twitter:card\" content=\"summary_large_image\" \/>\n<meta name=\"twitter:label1\" content=\"Est. reading time\" \/>\n\t<meta name=\"twitter:data1\" content=\"3 minutes\" \/>\n<script type=\"application\/ld+json\" class=\"yoast-schema-graph\">{\"@context\":\"https:\/\/schema.org\",\"@graph\":[{\"@type\":\"WebPage\",\"@id\":\"https:\/\/unikal.ac.cd\/index.php\/le-recteur-p-o-victor-kalunga-tshikala-visite-les-jeunes-du-corps-de-jeunes-pour-le-climat\/\",\"url\":\"https:\/\/unikal.ac.cd\/index.php\/le-recteur-p-o-victor-kalunga-tshikala-visite-les-jeunes-du-corps-de-jeunes-pour-le-climat\/\",\"name\":\"LE RECTEUR P.O VICTOR KALUNGA TSHIKALA VISITE LES JEUNES DU CORPS DE JEUNES POUR LE CLIMAT. - Universit\u00e9 de Kalemie\",\"isPartOf\":{\"@id\":\"https:\/\/unikal.ac.cd\/#website\"},\"primaryImageOfPage\":{\"@id\":\"https:\/\/unikal.ac.cd\/index.php\/le-recteur-p-o-victor-kalunga-tshikala-visite-les-jeunes-du-corps-de-jeunes-pour-le-climat\/#primaryimage\"},\"image\":{\"@id\":\"https:\/\/unikal.ac.cd\/index.php\/le-recteur-p-o-victor-kalunga-tshikala-visite-les-jeunes-du-corps-de-jeunes-pour-le-climat\/#primaryimage\"},\"thumbnailUrl\":\"https:\/\/unikal.ac.cd\/wp-content\/uploads\/2024\/09\/077f26be-2694-48a0-837f-0acfbc306d6b.jpg\",\"datePublished\":\"2024-09-29T23:36:09+00:00\",\"dateModified\":\"2024-09-30T00:08:49+00:00\",\"breadcrumb\":{\"@id\":\"https:\/\/unikal.ac.cd\/index.php\/le-recteur-p-o-victor-kalunga-tshikala-visite-les-jeunes-du-corps-de-jeunes-pour-le-climat\/#breadcrumb\"},\"inLanguage\":\"en-US\",\"potentialAction\":[{\"@type\":\"ReadAction\",\"target\":[\"https:\/\/unikal.ac.cd\/index.php\/le-recteur-p-o-victor-kalunga-tshikala-visite-les-jeunes-du-corps-de-jeunes-pour-le-climat\/\"]}]},{\"@type\":\"ImageObject\",\"inLanguage\":\"en-US\",\"@id\":\"https:\/\/unikal.ac.cd\/index.php\/le-recteur-p-o-victor-kalunga-tshikala-visite-les-jeunes-du-corps-de-jeunes-pour-le-climat\/#primaryimage\",\"url\":\"https:\/\/unikal.ac.cd\/wp-content\/uploads\/2024\/09\/077f26be-2694-48a0-837f-0acfbc306d6b.jpg\",\"contentUrl\":\"https:\/\/unikal.ac.cd\/wp-content\/uploads\/2024\/09\/077f26be-2694-48a0-837f-0acfbc306d6b.jpg\",\"width\":2560,\"height\":1706},{\"@type\":\"BreadcrumbList\",\"@id\":\"https:\/\/unikal.ac.cd\/index.php\/le-recteur-p-o-victor-kalunga-tshikala-visite-les-jeunes-du-corps-de-jeunes-pour-le-climat\/#breadcrumb\",\"itemListElement\":[{\"@type\":\"ListItem\",\"position\":1,\"name\":\"Home\",\"item\":\"https:\/\/unikal.ac.cd\/\"},{\"@type\":\"ListItem\",\"position\":2,\"name\":\"LE RECTEUR P.O VICTOR KALUNGA TSHIKALA VISITE LES JEUNES DU CORPS DE JEUNES POUR LE CLIMAT.\"}]},{\"@type\":\"WebSite\",\"@id\":\"https:\/\/unikal.ac.cd\/#website\",\"url\":\"https:\/\/unikal.ac.cd\/\",\"name\":\"Universit\u00e9 de Kalemie\",\"description\":\"Lumi\u00e8re du Tanganyika\",\"publisher\":{\"@id\":\"https:\/\/unikal.ac.cd\/#organization\"},\"potentialAction\":[{\"@type\":\"SearchAction\",\"target\":{\"@type\":\"EntryPoint\",\"urlTemplate\":\"https:\/\/unikal.ac.cd\/?s={search_term_string}\"},\"query-input\":{\"@type\":\"PropertyValueSpecification\",\"valueRequired\":true,\"valueName\":\"search_term_string\"}}],\"inLanguage\":\"en-US\"},{\"@type\":\"Organization\",\"@id\":\"https:\/\/unikal.ac.cd\/#organization\",\"name\":\"Universit\u00e9 de Kalemie\",\"url\":\"https:\/\/unikal.ac.cd\/\",\"logo\":{\"@type\":\"ImageObject\",\"inLanguage\":\"en-US\",\"@id\":\"https:\/\/unikal.ac.cd\/#\/schema\/logo\/image\/\",\"url\":\"https:\/\/unikal.ac.cd\/wp-content\/uploads\/2023\/08\/logo-unikal_013249.png\",\"contentUrl\":\"https:\/\/unikal.ac.cd\/wp-content\/uploads\/2023\/08\/logo-unikal_013249.png\",\"width\":2100,\"height\":1500,\"caption\":\"Universit\u00e9 de Kalemie\"},\"image\":{\"@id\":\"https:\/\/unikal.ac.cd\/#\/schema\/logo\/image\/\"}}]}<\/script>\n<!-- \/ Yoast SEO plugin. -->","yoast_head_json":{"title":"LE RECTEUR P.O VICTOR KALUNGA TSHIKALA VISITE LES JEUNES DU CORPS DE JEUNES POUR LE CLIMAT. - Universit\u00e9 de Kalemie","robots":{"index":"index","follow":"follow","max-snippet":"max-snippet:-1","max-image-preview":"max-image-preview:large","max-video-preview":"max-video-preview:-1"},"canonical":"https:\/\/unikal.ac.cd\/index.php\/le-recteur-p-o-victor-kalunga-tshikala-visite-les-jeunes-du-corps-de-jeunes-pour-le-climat\/","og_locale":"en_US","og_type":"article","og_title":"LE RECTEUR P.O VICTOR KALUNGA TSHIKALA VISITE LES JEUNES DU CORPS DE JEUNES POUR LE CLIMAT. - Universit\u00e9 de Kalemie","og_description":"LE RECTEUR P.O VICTOR KALUNGA TSHIKALA VISITE LES JEUNES DU CORPS DE JEUNES POUR LE CLIMAT. Le Recteur de l&#8217;Universit\u00e9 de Kalemie, le Professeur ordinaire Victor KALUNGA TSHIKALA a effectu\u00e9 ce mardi 03 septembre 2024 une visite au Centre d&#8217;encadrement des 20 jeunes inscrits au Programme du Corps de Jeunes pour le Climat, mis en&hellip;","og_url":"https:\/\/unikal.ac.cd\/index.php\/le-recteur-p-o-victor-kalunga-tshikala-visite-les-jeunes-du-corps-de-jeunes-pour-le-climat\/","og_site_name":"Universit\u00e9 de Kalemie","article_modified_time":"2024-09-30T00:08:49+00:00","og_image":[{"width":2560,"height":1706,"url":"https:\/\/unikal.ac.cd\/wp-content\/uploads\/2024\/09\/077f26be-2694-48a0-837f-0acfbc306d6b.jpg","type":"image\/jpeg"}],"twitter_card":"summary_large_image","twitter_misc":{"Est. reading time":"3 minutes"},"schema":{"@context":"https:\/\/schema.org","@graph":[{"@type":"WebPage","@id":"https:\/\/unikal.ac.cd\/index.php\/le-recteur-p-o-victor-kalunga-tshikala-visite-les-jeunes-du-corps-de-jeunes-pour-le-climat\/","url":"https:\/\/unikal.ac.cd\/index.php\/le-recteur-p-o-victor-kalunga-tshikala-visite-les-jeunes-du-corps-de-jeunes-pour-le-climat\/","name":"LE RECTEUR P.O VICTOR KALUNGA TSHIKALA VISITE LES JEUNES DU CORPS DE JEUNES POUR LE CLIMAT. - Universit\u00e9 de Kalemie","isPartOf":{"@id":"https:\/\/unikal.ac.cd\/#website"},"primaryImageOfPage":{"@id":"https:\/\/unikal.ac.cd\/index.php\/le-recteur-p-o-victor-kalunga-tshikala-visite-les-jeunes-du-corps-de-jeunes-pour-le-climat\/#primaryimage"},"image":{"@id":"https:\/\/unikal.ac.cd\/index.php\/le-recteur-p-o-victor-kalunga-tshikala-visite-les-jeunes-du-corps-de-jeunes-pour-le-climat\/#primaryimage"},"thumbnailUrl":"https:\/\/unikal.ac.cd\/wp-content\/uploads\/2024\/09\/077f26be-2694-48a0-837f-0acfbc306d6b.jpg","datePublished":"2024-09-29T23:36:09+00:00","dateModified":"2024-09-30T00:08:49+00:00","breadcrumb":{"@id":"https:\/\/unikal.ac.cd\/index.php\/le-recteur-p-o-victor-kalunga-tshikala-visite-les-jeunes-du-corps-de-jeunes-pour-le-climat\/#breadcrumb"},"inLanguage":"en-US","potentialAction":[{"@type":"ReadAction","target":["https:\/\/unikal.ac.cd\/index.php\/le-recteur-p-o-victor-kalunga-tshikala-visite-les-jeunes-du-corps-de-jeunes-pour-le-climat\/"]}]},{"@type":"ImageObject","inLanguage":"en-US","@id":"https:\/\/unikal.ac.cd\/index.php\/le-recteur-p-o-victor-kalunga-tshikala-visite-les-jeunes-du-corps-de-jeunes-pour-le-climat\/#primaryimage","url":"https:\/\/unikal.ac.cd\/wp-content\/uploads\/2024\/09\/077f26be-2694-48a0-837f-0acfbc306d6b.jpg","contentUrl":"https:\/\/unikal.ac.cd\/wp-content\/uploads\/2024\/09\/077f26be-2694-48a0-837f-0acfbc306d6b.jpg","width":2560,"height":1706},{"@type":"BreadcrumbList","@id":"https:\/\/unikal.ac.cd\/index.php\/le-recteur-p-o-victor-kalunga-tshikala-visite-les-jeunes-du-corps-de-jeunes-pour-le-climat\/#breadcrumb","itemListElement":[{"@type":"ListItem","position":1,"name":"Home","item":"https:\/\/unikal.ac.cd\/"},{"@type":"ListItem","position":2,"name":"LE RECTEUR P.O VICTOR KALUNGA TSHIKALA VISITE LES JEUNES DU CORPS DE JEUNES POUR LE CLIMAT."}]},{"@type":"WebSite","@id":"https:\/\/unikal.ac.cd\/#website","url":"https:\/\/unikal.ac.cd\/","name":"Universit\u00e9 de Kalemie","description":"Lumi\u00e8re du Tanganyika","publisher":{"@id":"https:\/\/unikal.ac.cd\/#organization"},"potentialAction":[{"@type":"SearchAction","target":{"@type":"EntryPoint","urlTemplate":"https:\/\/unikal.ac.cd\/?s={search_term_string}"},"query-input":{"@type":"PropertyValueSpecification","valueRequired":true,"valueName":"search_term_string"}}],"inLanguage":"en-US"},{"@type":"Organization","@id":"https:\/\/unikal.ac.cd\/#organization","name":"Universit\u00e9 de Kalemie","url":"https:\/\/unikal.ac.cd\/","logo":{"@type":"ImageObject","inLanguage":"en-US","@id":"https:\/\/unikal.ac.cd\/#\/schema\/logo\/image\/","url":"https:\/\/unikal.ac.cd\/wp-content\/uploads\/2023\/08\/logo-unikal_013249.png","contentUrl":"https:\/\/unikal.ac.cd\/wp-content\/uploads\/2023\/08\/logo-unikal_013249.png","width":2100,"height":1500,"caption":"Universit\u00e9 de Kalemie"},"image":{"@id":"https:\/\/unikal.ac.cd\/#\/schema\/logo\/image\/"}}]}},"_links":{"self":[{"href":"https:\/\/unikal.ac.cd\/index.php\/wp-json\/wp\/v2\/pages\/959","targetHints":{"allow":["GET"]}}],"collection":[{"href":"https:\/\/unikal.ac.cd\/index.php\/wp-json\/wp\/v2\/pages"}],"about":[{"href":"https:\/\/unikal.ac.cd\/index.php\/wp-json\/wp\/v2\/types\/page"}],"author":[{"embeddable":true,"href":"https:\/\/unikal.ac.cd\/index.php\/wp-json\/wp\/v2\/users\/1"}],"replies":[{"embeddable":true,"href":"https:\/\/unikal.ac.cd\/index.php\/wp-json\/wp\/v2\/comments?post=959"}],"version-history":[{"count":13,"href":"https:\/\/unikal.ac.cd\/index.php\/wp-json\/wp\/v2\/pages\/959\/revisions"}],"predecessor-version":[{"id":975,"href":"https:\/\/unikal.ac.cd\/index.php\/wp-json\/wp\/v2\/pages\/959\/revisions\/975"}],"wp:featuredmedia":[{"embeddable":true,"href":"https:\/\/unikal.ac.cd\/index.php\/wp-json\/wp\/v2\/media\/940"}],"wp:attachment":[{"href":"https:\/\/unikal.ac.cd\/index.php\/wp-json\/wp\/v2\/media?parent=959"}],"curies":[{"name":"wp","href":"https:\/\/api.w.org\/{rel}","templated":true}]}}