{"id":999,"date":"2025-02-14T18:12:21","date_gmt":"2025-02-14T18:12:21","guid":{"rendered":"https:\/\/unikal.ac.cd\/?page_id=999"},"modified":"2025-02-14T18:44:38","modified_gmt":"2025-02-14T18:44:38","slug":"universite-de-kalemie-le-vpm-ministre-du-plan-guylain-nyembo-mbwizya-appelle-la-communaute-universitaire-de-kalemie-au-patriotisme-et-a-la-vigilance-face-aux-ennemis-de-la-republique-democratique-du-c","status":"publish","type":"page","link":"https:\/\/unikal.ac.cd\/index.php\/universite-de-kalemie-le-vpm-ministre-du-plan-guylain-nyembo-mbwizya-appelle-la-communaute-universitaire-de-kalemie-au-patriotisme-et-a-la-vigilance-face-aux-ennemis-de-la-republique-democratique-du-c\/","title":{"rendered":"UNIVERSIT\u00c9 DE KALEMIE : VISITE DU VPM. MINISTRE DU PLAN GUYLAIN NYEMBO MBWIZYA"},"content":{"rendered":"\t\t<div data-elementor-type=\"wp-page\" data-elementor-id=\"999\" class=\"elementor elementor-999\">\n\t\t\t\t\t\t<section class=\"elementor-section elementor-top-section elementor-element elementor-element-57dba38 elementor-section-full_width elementor-section-stretched elementor-section-height-default elementor-section-height-default\" data-id=\"57dba38\" data-element_type=\"section\" data-e-type=\"section\" data-settings=\"{&quot;stretch_section&quot;:&quot;section-stretched&quot;}\">\n\t\t\t\t\t\t<div class=\"elementor-container elementor-column-gap-default\">\n\t\t\t\t\t<div class=\"elementor-column elementor-col-50 elementor-top-column elementor-element elementor-element-0e220ad\" data-id=\"0e220ad\" data-element_type=\"column\" data-e-type=\"column\">\n\t\t\t<div class=\"elementor-widget-wrap elementor-element-populated\">\n\t\t\t\t\t\t<div class=\"elementor-element elementor-element-5e3f9a0 elementor-widget elementor-widget-image\" data-id=\"5e3f9a0\" data-element_type=\"widget\" data-e-type=\"widget\" data-widget_type=\"image.default\">\n\t\t\t\t<div class=\"elementor-widget-container\">\n\t\t\t\t\t\t\t\t\t\t\t\t\t\t\t<img fetchpriority=\"high\" decoding=\"async\" width=\"600\" height=\"338\" src=\"https:\/\/unikal.ac.cd\/wp-content\/uploads\/2025\/02\/479377686_572102915803112_2465271641935371630_n.jpg\" class=\"attachment-large size-large wp-image-1004\" alt=\"\" \/>\t\t\t\t\t\t\t\t\t\t\t\t\t\t\t<\/div>\n\t\t\t\t<\/div>\n\t\t\t\t\t<\/div>\n\t\t<\/div>\n\t\t\t\t<div class=\"elementor-column elementor-col-50 elementor-top-column elementor-element elementor-element-5437d2c\" data-id=\"5437d2c\" data-element_type=\"column\" data-e-type=\"column\">\n\t\t\t<div class=\"elementor-widget-wrap elementor-element-populated\">\n\t\t\t\t\t\t<div class=\"elementor-element elementor-element-9c237a5 elementor-widget elementor-widget-heading\" data-id=\"9c237a5\" data-element_type=\"widget\" data-e-type=\"widget\" data-widget_type=\"heading.default\">\n\t\t\t\t<div class=\"elementor-widget-container\">\n\t\t\t\t\t<h2 class=\"elementor-heading-title elementor-size-default\">UNIVERSIT\u00c9 DE KALEMIE : LE VPM. MINISTRE DU PLAN GUYLAIN NYEMBO MBWIZYA APPELLE LA COMMUNAUT\u00c9 UNIVERSITAIRE DE KALEMIE AU PATRIOTISME ET A LA VIGILANCE FACE AUX ENNEMIS DE LA R\u00c9PUBLIQUE D\u00c9MOCRATIQUE DU CONGO.<\/h2>\t\t\t\t<\/div>\n\t\t\t\t<\/div>\n\t\t\t\t<div class=\"elementor-element elementor-element-085384e elementor-widget elementor-widget-text-editor\" data-id=\"085384e\" data-element_type=\"widget\" data-e-type=\"widget\" data-widget_type=\"text-editor.default\">\n\t\t\t\t<div class=\"elementor-widget-container\">\n\t\t\t\t\t\t\t\t\t<div dir=\"auto\">S&#8217;alignant derri\u00e8re la ferme d\u00e9termination du Commandant supr\u00eame des Forces arm\u00e9es de la RDC d&#8217;en finir non seulement avec les vell\u00e9it\u00e9s d&#8217;ordre s\u00e9curitaire qui d\u00e9ciment l&#8217;Est du pays mais aussi porter un message de soutien aux FARDC par des activit\u00e9s patriotiques, s\u00e9journant \u00e0 Kalemie dans la province du Tanganyika, le Vice-premier ministre, Ministre du Plan et de la Coordination de l&#8217;aide au d\u00e9veloppement S.E.M Guylain NYEMBO MBWIZYA a t\u00e9nu ce mardi 11 F\u00e9vrier 2025 une conf\u00e9rence-d\u00e9bat \u00e0 l&#8217;Universit\u00e9 de Kalemie sous le th\u00e8me : SOUTIEN TOTAL AUX FARDC, ET TOUS DERRI\u00c8RE LE CHEF DE L&#8217;\u00c9TAT F\u00c9LIX ANTOINE TSHISEKEDI TSHILOMBO. Devant les Unikalois, le VPM du PLAN a appel\u00e9 les \u00e9tudiants \u00e0 aimer le pays, soutenir le Chef de l&#8217;\u00c9tat ainsi que les FARDC dans la lutte contre l&#8217;occupation du Rwanda et de ses suppl\u00e9tifs du M23-AFC.<\/div>\t\t\t\t\t\t\t\t<\/div>\n\t\t\t\t<\/div>\n\t\t\t\t\t<\/div>\n\t\t<\/div>\n\t\t\t\t\t<\/div>\n\t\t<\/section>\n\t\t\t\t<section class=\"elementor-section elementor-top-section elementor-element elementor-element-4a5bfcb elementor-section-full_width elementor-section-stretched elementor-section-height-default elementor-section-height-default\" data-id=\"4a5bfcb\" data-element_type=\"section\" data-e-type=\"section\" data-settings=\"{&quot;stretch_section&quot;:&quot;section-stretched&quot;}\">\n\t\t\t\t\t\t<div class=\"elementor-container elementor-column-gap-default\">\n\t\t\t\t\t<div class=\"elementor-column elementor-col-50 elementor-top-column elementor-element elementor-element-d2c1271\" data-id=\"d2c1271\" data-element_type=\"column\" data-e-type=\"column\">\n\t\t\t<div class=\"elementor-widget-wrap elementor-element-populated\">\n\t\t\t\t\t\t<div class=\"elementor-element elementor-element-0d24e92 elementor-widget elementor-widget-text-editor\" data-id=\"0d24e92\" data-element_type=\"widget\" data-e-type=\"widget\" data-widget_type=\"text-editor.default\">\n\t\t\t\t<div class=\"elementor-widget-container\">\n\t\t\t\t\t\t\t\t\t<div dir=\"auto\" style=\"color: #0f0f0f; font-size: 15px; text-align: justify;\">Pr\u00eachant le patriotisme, le VPM Guylain NYEMBO a invit\u00e9 la Communaut\u00e9 universitaire de Kalemie \u00e0 la vigilance totale contre les menaces, les d\u00e9sinformations qui p\u00e8seraient sur la ville de Kalemie, mais aussi bannir la tra\u00eetrise face \u00e0 la R\u00e9publique.<\/div><div dir=\"auto\" style=\"color: #0f0f0f; font-size: 15px; text-align: justify;\">Le Secr\u00e9taire G\u00e9n\u00e9ral acad\u00e9mique, repr\u00e9sentant le Recteur P.O Victor KALUNGA TSHIKALA en mission, a salu\u00e9 la pertinence du th\u00e8me choisi et des \u00e9changes, pendant cette p\u00e9riode de guerre o\u00f9 l&#8217;Unikal multiplie des activit\u00e9s patriotiques en soutien au Grand Chancelier des Universit\u00e9s et Instituts sup\u00e9rieurs congolais, aux FARDC WAZALENDO ainsi qu&#8217;\u00e0 la population de l&#8217;Est, conform\u00e9ment aux notes circulaires num\u00e9ro 002 et 003 de son Excellence Madame la Ministre de l&#8217;ESU, appellant \u00e0 la solidarit\u00e9 de L&#8217;ESU envers les FARDC.<\/div><div dir=\"auto\" style=\"color: #0f0f0f; font-size: 15px; text-align: justify;\">Pr\u00e8s de deux heures et demi ont suffit pour parler soutien, patriotisme, strat\u00e9gies pour endiguer une fois pour toute la crise \u00e0 l&#8217;Est du pays.<\/div>\t\t\t\t\t\t\t\t<\/div>\n\t\t\t\t<\/div>\n\t\t\t\t\t<\/div>\n\t\t<\/div>\n\t\t\t\t<div class=\"elementor-column elementor-col-50 elementor-top-column elementor-element elementor-element-690c20c\" data-id=\"690c20c\" data-element_type=\"column\" data-e-type=\"column\">\n\t\t\t<div class=\"elementor-widget-wrap elementor-element-populated\">\n\t\t\t\t\t\t<div class=\"elementor-element elementor-element-2b3e7ed elementor-widget elementor-widget-image-carousel\" data-id=\"2b3e7ed\" data-element_type=\"widget\" data-e-type=\"widget\" data-settings=\"{&quot;slides_to_show&quot;:&quot;1&quot;,&quot;navigation&quot;:&quot;none&quot;,&quot;autoplay&quot;:&quot;yes&quot;,&quot;pause_on_hover&quot;:&quot;yes&quot;,&quot;pause_on_interaction&quot;:&quot;yes&quot;,&quot;autoplay_speed&quot;:5000,&quot;infinite&quot;:&quot;yes&quot;,&quot;effect&quot;:&quot;slide&quot;,&quot;speed&quot;:500}\" data-widget_type=\"image-carousel.default\">\n\t\t\t\t<div class=\"elementor-widget-container\">\n\t\t\t\t\t\t\t<div class=\"elementor-image-carousel-wrapper swiper\" role=\"region\" aria-roledescription=\"carousel\" aria-label=\"Image Carousel\" dir=\"ltr\">\n\t\t\t<div class=\"elementor-image-carousel swiper-wrapper swiper-image-stretch\" aria-live=\"off\">\n\t\t\t\t\t\t\t\t<div class=\"swiper-slide\" role=\"group\" aria-roledescription=\"slide\" aria-label=\"1 of 3\"><figure class=\"swiper-slide-inner\"><img decoding=\"async\" class=\"swiper-slide-image\" src=\"https:\/\/unikal.ac.cd\/wp-content\/uploads\/2025\/02\/480030412_572102995803104_4476726253006203151_n.jpg\" alt=\"480030412_572102995803104_4476726253006203151_n\" \/><\/figure><\/div><div class=\"swiper-slide\" role=\"group\" aria-roledescription=\"slide\" aria-label=\"2 of 3\"><figure class=\"swiper-slide-inner\"><img decoding=\"async\" class=\"swiper-slide-image\" src=\"https:\/\/unikal.ac.cd\/wp-content\/uploads\/2025\/02\/478508675_572103035803100_5130620568969925463_n.jpg\" alt=\"478508675_572103035803100_5130620568969925463_n\" \/><\/figure><\/div><div class=\"swiper-slide\" role=\"group\" aria-roledescription=\"slide\" aria-label=\"3 of 3\"><figure class=\"swiper-slide-inner\"><img decoding=\"async\" class=\"swiper-slide-image\" src=\"https:\/\/unikal.ac.cd\/wp-content\/uploads\/2025\/02\/477728509_572102935803110_2404374836605720018_n.jpg\" alt=\"477728509_572102935803110_2404374836605720018_n\" \/><\/figure><\/div>\t\t\t<\/div>\n\t\t\t\t\t\t\t\n\t\t\t\t\t\t\t\t\t<\/div>\n\t\t\t\t\t\t<\/div>\n\t\t\t\t<\/div>\n\t\t\t\t\t<\/div>\n\t\t<\/div>\n\t\t\t\t\t<\/div>\n\t\t<\/section>\n\t\t\t\t<\/div>\n\t\t","protected":false},"excerpt":{"rendered":"<p>UNIVERSIT\u00c9 DE KALEMIE : LE VPM. MINISTRE DU PLAN GUYLAIN NYEMBO MBWIZYA APPELLE LA COMMUNAUT\u00c9 UNIVERSITAIRE DE KALEMIE AU PATRIOTISME ET A LA VIGILANCE FACE AUX ENNEMIS DE LA R\u00c9PUBLIQUE D\u00c9MOCRATIQUE DU CONGO. S&#8217;alignant derri\u00e8re la ferme d\u00e9termination du Commandant supr\u00eame des Forces arm\u00e9es de la RDC d&#8217;en finir non seulement avec les vell\u00e9it\u00e9s d&#8217;ordre&hellip;<\/p>\n","protected":false},"author":1,"featured_media":1002,"parent":0,"menu_order":0,"comment_status":"closed","ping_status":"closed","template":"","meta":{"om_disable_all_campaigns":false,"_monsterinsights_skip_tracking":false,"_monsterinsights_sitenote_active":false,"_monsterinsights_sitenote_note":"","_monsterinsights_sitenote_category":0,"_uf_show_specific_survey":0,"_uf_disable_surveys":false,"footnotes":""},"class_list":["post-999","page","type-page","status-publish","has-post-thumbnail","hentry"],"yoast_head":"<!-- This site is optimized with the Yoast SEO plugin v26.9 - https:\/\/yoast.com\/product\/yoast-seo-wordpress\/ -->\n<title>UNIVERSIT\u00c9 DE KALEMIE : VISITE DU VPM. MINISTRE DU PLAN GUYLAIN NYEMBO MBWIZYA - Universit\u00e9 de Kalemie<\/title>\n<meta name=\"robots\" content=\"index, follow, max-snippet:-1, max-image-preview:large, max-video-preview:-1\" \/>\n<link rel=\"canonical\" href=\"https:\/\/unikal.ac.cd\/index.php\/universite-de-kalemie-le-vpm-ministre-du-plan-guylain-nyembo-mbwizya-appelle-la-communaute-universitaire-de-kalemie-au-patriotisme-et-a-la-vigilance-face-aux-ennemis-de-la-republique-democratique-du-c\/\" \/>\n<meta property=\"og:locale\" content=\"en_US\" \/>\n<meta property=\"og:type\" content=\"article\" \/>\n<meta property=\"og:title\" content=\"UNIVERSIT\u00c9 DE KALEMIE : VISITE DU VPM. MINISTRE DU PLAN GUYLAIN NYEMBO MBWIZYA - Universit\u00e9 de Kalemie\" \/>\n<meta property=\"og:description\" content=\"UNIVERSIT\u00c9 DE KALEMIE : LE VPM. MINISTRE DU PLAN GUYLAIN NYEMBO MBWIZYA APPELLE LA COMMUNAUT\u00c9 UNIVERSITAIRE DE KALEMIE AU PATRIOTISME ET A LA VIGILANCE FACE AUX ENNEMIS DE LA R\u00c9PUBLIQUE D\u00c9MOCRATIQUE DU CONGO. S&#8217;alignant derri\u00e8re la ferme d\u00e9termination du Commandant supr\u00eame des Forces arm\u00e9es de la RDC d&#8217;en finir non seulement avec les vell\u00e9it\u00e9s d&#8217;ordre&hellip;\" \/>\n<meta property=\"og:url\" content=\"https:\/\/unikal.ac.cd\/index.php\/universite-de-kalemie-le-vpm-ministre-du-plan-guylain-nyembo-mbwizya-appelle-la-communaute-universitaire-de-kalemie-au-patriotisme-et-a-la-vigilance-face-aux-ennemis-de-la-republique-democratique-du-c\/\" \/>\n<meta property=\"og:site_name\" content=\"Universit\u00e9 de Kalemie\" \/>\n<meta property=\"article:modified_time\" content=\"2025-02-14T18:44:38+00:00\" \/>\n<meta property=\"og:image\" content=\"https:\/\/unikal.ac.cd\/wp-content\/uploads\/2025\/02\/480030412_572102995803104_4476726253006203151_n.jpg\" \/>\n\t<meta property=\"og:image:width\" content=\"593\" \/>\n\t<meta property=\"og:image:height\" content=\"395\" \/>\n\t<meta property=\"og:image:type\" content=\"image\/jpeg\" \/>\n<meta name=\"twitter:card\" content=\"summary_large_image\" \/>\n<meta name=\"twitter:label1\" content=\"Est. reading time\" \/>\n\t<meta name=\"twitter:data1\" content=\"3 minutes\" \/>\n<script type=\"application\/ld+json\" class=\"yoast-schema-graph\">{\"@context\":\"https:\/\/schema.org\",\"@graph\":[{\"@type\":\"WebPage\",\"@id\":\"https:\/\/unikal.ac.cd\/index.php\/universite-de-kalemie-le-vpm-ministre-du-plan-guylain-nyembo-mbwizya-appelle-la-communaute-universitaire-de-kalemie-au-patriotisme-et-a-la-vigilance-face-aux-ennemis-de-la-republique-democratique-du-c\/\",\"url\":\"https:\/\/unikal.ac.cd\/index.php\/universite-de-kalemie-le-vpm-ministre-du-plan-guylain-nyembo-mbwizya-appelle-la-communaute-universitaire-de-kalemie-au-patriotisme-et-a-la-vigilance-face-aux-ennemis-de-la-republique-democratique-du-c\/\",\"name\":\"UNIVERSIT\u00c9 DE KALEMIE : VISITE DU VPM. MINISTRE DU PLAN GUYLAIN NYEMBO MBWIZYA - Universit\u00e9 de Kalemie\",\"isPartOf\":{\"@id\":\"https:\/\/unikal.ac.cd\/#website\"},\"primaryImageOfPage\":{\"@id\":\"https:\/\/unikal.ac.cd\/index.php\/universite-de-kalemie-le-vpm-ministre-du-plan-guylain-nyembo-mbwizya-appelle-la-communaute-universitaire-de-kalemie-au-patriotisme-et-a-la-vigilance-face-aux-ennemis-de-la-republique-democratique-du-c\/#primaryimage\"},\"image\":{\"@id\":\"https:\/\/unikal.ac.cd\/index.php\/universite-de-kalemie-le-vpm-ministre-du-plan-guylain-nyembo-mbwizya-appelle-la-communaute-universitaire-de-kalemie-au-patriotisme-et-a-la-vigilance-face-aux-ennemis-de-la-republique-democratique-du-c\/#primaryimage\"},\"thumbnailUrl\":\"https:\/\/unikal.ac.cd\/wp-content\/uploads\/2025\/02\/480030412_572102995803104_4476726253006203151_n.jpg\",\"datePublished\":\"2025-02-14T18:12:21+00:00\",\"dateModified\":\"2025-02-14T18:44:38+00:00\",\"breadcrumb\":{\"@id\":\"https:\/\/unikal.ac.cd\/index.php\/universite-de-kalemie-le-vpm-ministre-du-plan-guylain-nyembo-mbwizya-appelle-la-communaute-universitaire-de-kalemie-au-patriotisme-et-a-la-vigilance-face-aux-ennemis-de-la-republique-democratique-du-c\/#breadcrumb\"},\"inLanguage\":\"en-US\",\"potentialAction\":[{\"@type\":\"ReadAction\",\"target\":[\"https:\/\/unikal.ac.cd\/index.php\/universite-de-kalemie-le-vpm-ministre-du-plan-guylain-nyembo-mbwizya-appelle-la-communaute-universitaire-de-kalemie-au-patriotisme-et-a-la-vigilance-face-aux-ennemis-de-la-republique-democratique-du-c\/\"]}]},{\"@type\":\"ImageObject\",\"inLanguage\":\"en-US\",\"@id\":\"https:\/\/unikal.ac.cd\/index.php\/universite-de-kalemie-le-vpm-ministre-du-plan-guylain-nyembo-mbwizya-appelle-la-communaute-universitaire-de-kalemie-au-patriotisme-et-a-la-vigilance-face-aux-ennemis-de-la-republique-democratique-du-c\/#primaryimage\",\"url\":\"https:\/\/unikal.ac.cd\/wp-content\/uploads\/2025\/02\/480030412_572102995803104_4476726253006203151_n.jpg\",\"contentUrl\":\"https:\/\/unikal.ac.cd\/wp-content\/uploads\/2025\/02\/480030412_572102995803104_4476726253006203151_n.jpg\",\"width\":593,\"height\":395},{\"@type\":\"BreadcrumbList\",\"@id\":\"https:\/\/unikal.ac.cd\/index.php\/universite-de-kalemie-le-vpm-ministre-du-plan-guylain-nyembo-mbwizya-appelle-la-communaute-universitaire-de-kalemie-au-patriotisme-et-a-la-vigilance-face-aux-ennemis-de-la-republique-democratique-du-c\/#breadcrumb\",\"itemListElement\":[{\"@type\":\"ListItem\",\"position\":1,\"name\":\"Home\",\"item\":\"https:\/\/unikal.ac.cd\/\"},{\"@type\":\"ListItem\",\"position\":2,\"name\":\"UNIVERSIT\u00c9 DE KALEMIE : VISITE DU VPM. MINISTRE DU PLAN GUYLAIN NYEMBO MBWIZYA\"}]},{\"@type\":\"WebSite\",\"@id\":\"https:\/\/unikal.ac.cd\/#website\",\"url\":\"https:\/\/unikal.ac.cd\/\",\"name\":\"Universit\u00e9 de Kalemie\",\"description\":\"Lumi\u00e8re du Tanganyika\",\"publisher\":{\"@id\":\"https:\/\/unikal.ac.cd\/#organization\"},\"potentialAction\":[{\"@type\":\"SearchAction\",\"target\":{\"@type\":\"EntryPoint\",\"urlTemplate\":\"https:\/\/unikal.ac.cd\/?s={search_term_string}\"},\"query-input\":{\"@type\":\"PropertyValueSpecification\",\"valueRequired\":true,\"valueName\":\"search_term_string\"}}],\"inLanguage\":\"en-US\"},{\"@type\":\"Organization\",\"@id\":\"https:\/\/unikal.ac.cd\/#organization\",\"name\":\"Universit\u00e9 de Kalemie\",\"url\":\"https:\/\/unikal.ac.cd\/\",\"logo\":{\"@type\":\"ImageObject\",\"inLanguage\":\"en-US\",\"@id\":\"https:\/\/unikal.ac.cd\/#\/schema\/logo\/image\/\",\"url\":\"https:\/\/unikal.ac.cd\/wp-content\/uploads\/2023\/08\/logo-unikal_013249.png\",\"contentUrl\":\"https:\/\/unikal.ac.cd\/wp-content\/uploads\/2023\/08\/logo-unikal_013249.png\",\"width\":2100,\"height\":1500,\"caption\":\"Universit\u00e9 de Kalemie\"},\"image\":{\"@id\":\"https:\/\/unikal.ac.cd\/#\/schema\/logo\/image\/\"}}]}<\/script>\n<!-- \/ Yoast SEO plugin. -->","yoast_head_json":{"title":"UNIVERSIT\u00c9 DE KALEMIE : VISITE DU VPM. MINISTRE DU PLAN GUYLAIN NYEMBO MBWIZYA - Universit\u00e9 de Kalemie","robots":{"index":"index","follow":"follow","max-snippet":"max-snippet:-1","max-image-preview":"max-image-preview:large","max-video-preview":"max-video-preview:-1"},"canonical":"https:\/\/unikal.ac.cd\/index.php\/universite-de-kalemie-le-vpm-ministre-du-plan-guylain-nyembo-mbwizya-appelle-la-communaute-universitaire-de-kalemie-au-patriotisme-et-a-la-vigilance-face-aux-ennemis-de-la-republique-democratique-du-c\/","og_locale":"en_US","og_type":"article","og_title":"UNIVERSIT\u00c9 DE KALEMIE : VISITE DU VPM. MINISTRE DU PLAN GUYLAIN NYEMBO MBWIZYA - Universit\u00e9 de Kalemie","og_description":"UNIVERSIT\u00c9 DE KALEMIE : LE VPM. MINISTRE DU PLAN GUYLAIN NYEMBO MBWIZYA APPELLE LA COMMUNAUT\u00c9 UNIVERSITAIRE DE KALEMIE AU PATRIOTISME ET A LA VIGILANCE FACE AUX ENNEMIS DE LA R\u00c9PUBLIQUE D\u00c9MOCRATIQUE DU CONGO. S&#8217;alignant derri\u00e8re la ferme d\u00e9termination du Commandant supr\u00eame des Forces arm\u00e9es de la RDC d&#8217;en finir non seulement avec les vell\u00e9it\u00e9s d&#8217;ordre&hellip;","og_url":"https:\/\/unikal.ac.cd\/index.php\/universite-de-kalemie-le-vpm-ministre-du-plan-guylain-nyembo-mbwizya-appelle-la-communaute-universitaire-de-kalemie-au-patriotisme-et-a-la-vigilance-face-aux-ennemis-de-la-republique-democratique-du-c\/","og_site_name":"Universit\u00e9 de Kalemie","article_modified_time":"2025-02-14T18:44:38+00:00","og_image":[{"width":593,"height":395,"url":"https:\/\/unikal.ac.cd\/wp-content\/uploads\/2025\/02\/480030412_572102995803104_4476726253006203151_n.jpg","type":"image\/jpeg"}],"twitter_card":"summary_large_image","twitter_misc":{"Est. reading time":"3 minutes"},"schema":{"@context":"https:\/\/schema.org","@graph":[{"@type":"WebPage","@id":"https:\/\/unikal.ac.cd\/index.php\/universite-de-kalemie-le-vpm-ministre-du-plan-guylain-nyembo-mbwizya-appelle-la-communaute-universitaire-de-kalemie-au-patriotisme-et-a-la-vigilance-face-aux-ennemis-de-la-republique-democratique-du-c\/","url":"https:\/\/unikal.ac.cd\/index.php\/universite-de-kalemie-le-vpm-ministre-du-plan-guylain-nyembo-mbwizya-appelle-la-communaute-universitaire-de-kalemie-au-patriotisme-et-a-la-vigilance-face-aux-ennemis-de-la-republique-democratique-du-c\/","name":"UNIVERSIT\u00c9 DE KALEMIE : VISITE DU VPM. MINISTRE DU PLAN GUYLAIN NYEMBO MBWIZYA - Universit\u00e9 de Kalemie","isPartOf":{"@id":"https:\/\/unikal.ac.cd\/#website"},"primaryImageOfPage":{"@id":"https:\/\/unikal.ac.cd\/index.php\/universite-de-kalemie-le-vpm-ministre-du-plan-guylain-nyembo-mbwizya-appelle-la-communaute-universitaire-de-kalemie-au-patriotisme-et-a-la-vigilance-face-aux-ennemis-de-la-republique-democratique-du-c\/#primaryimage"},"image":{"@id":"https:\/\/unikal.ac.cd\/index.php\/universite-de-kalemie-le-vpm-ministre-du-plan-guylain-nyembo-mbwizya-appelle-la-communaute-universitaire-de-kalemie-au-patriotisme-et-a-la-vigilance-face-aux-ennemis-de-la-republique-democratique-du-c\/#primaryimage"},"thumbnailUrl":"https:\/\/unikal.ac.cd\/wp-content\/uploads\/2025\/02\/480030412_572102995803104_4476726253006203151_n.jpg","datePublished":"2025-02-14T18:12:21+00:00","dateModified":"2025-02-14T18:44:38+00:00","breadcrumb":{"@id":"https:\/\/unikal.ac.cd\/index.php\/universite-de-kalemie-le-vpm-ministre-du-plan-guylain-nyembo-mbwizya-appelle-la-communaute-universitaire-de-kalemie-au-patriotisme-et-a-la-vigilance-face-aux-ennemis-de-la-republique-democratique-du-c\/#breadcrumb"},"inLanguage":"en-US","potentialAction":[{"@type":"ReadAction","target":["https:\/\/unikal.ac.cd\/index.php\/universite-de-kalemie-le-vpm-ministre-du-plan-guylain-nyembo-mbwizya-appelle-la-communaute-universitaire-de-kalemie-au-patriotisme-et-a-la-vigilance-face-aux-ennemis-de-la-republique-democratique-du-c\/"]}]},{"@type":"ImageObject","inLanguage":"en-US","@id":"https:\/\/unikal.ac.cd\/index.php\/universite-de-kalemie-le-vpm-ministre-du-plan-guylain-nyembo-mbwizya-appelle-la-communaute-universitaire-de-kalemie-au-patriotisme-et-a-la-vigilance-face-aux-ennemis-de-la-republique-democratique-du-c\/#primaryimage","url":"https:\/\/unikal.ac.cd\/wp-content\/uploads\/2025\/02\/480030412_572102995803104_4476726253006203151_n.jpg","contentUrl":"https:\/\/unikal.ac.cd\/wp-content\/uploads\/2025\/02\/480030412_572102995803104_4476726253006203151_n.jpg","width":593,"height":395},{"@type":"BreadcrumbList","@id":"https:\/\/unikal.ac.cd\/index.php\/universite-de-kalemie-le-vpm-ministre-du-plan-guylain-nyembo-mbwizya-appelle-la-communaute-universitaire-de-kalemie-au-patriotisme-et-a-la-vigilance-face-aux-ennemis-de-la-republique-democratique-du-c\/#breadcrumb","itemListElement":[{"@type":"ListItem","position":1,"name":"Home","item":"https:\/\/unikal.ac.cd\/"},{"@type":"ListItem","position":2,"name":"UNIVERSIT\u00c9 DE KALEMIE : VISITE DU VPM. MINISTRE DU PLAN GUYLAIN NYEMBO MBWIZYA"}]},{"@type":"WebSite","@id":"https:\/\/unikal.ac.cd\/#website","url":"https:\/\/unikal.ac.cd\/","name":"Universit\u00e9 de Kalemie","description":"Lumi\u00e8re du Tanganyika","publisher":{"@id":"https:\/\/unikal.ac.cd\/#organization"},"potentialAction":[{"@type":"SearchAction","target":{"@type":"EntryPoint","urlTemplate":"https:\/\/unikal.ac.cd\/?s={search_term_string}"},"query-input":{"@type":"PropertyValueSpecification","valueRequired":true,"valueName":"search_term_string"}}],"inLanguage":"en-US"},{"@type":"Organization","@id":"https:\/\/unikal.ac.cd\/#organization","name":"Universit\u00e9 de Kalemie","url":"https:\/\/unikal.ac.cd\/","logo":{"@type":"ImageObject","inLanguage":"en-US","@id":"https:\/\/unikal.ac.cd\/#\/schema\/logo\/image\/","url":"https:\/\/unikal.ac.cd\/wp-content\/uploads\/2023\/08\/logo-unikal_013249.png","contentUrl":"https:\/\/unikal.ac.cd\/wp-content\/uploads\/2023\/08\/logo-unikal_013249.png","width":2100,"height":1500,"caption":"Universit\u00e9 de Kalemie"},"image":{"@id":"https:\/\/unikal.ac.cd\/#\/schema\/logo\/image\/"}}]}},"_links":{"self":[{"href":"https:\/\/unikal.ac.cd\/index.php\/wp-json\/wp\/v2\/pages\/999","targetHints":{"allow":["GET"]}}],"collection":[{"href":"https:\/\/unikal.ac.cd\/index.php\/wp-json\/wp\/v2\/pages"}],"about":[{"href":"https:\/\/unikal.ac.cd\/index.php\/wp-json\/wp\/v2\/types\/page"}],"author":[{"embeddable":true,"href":"https:\/\/unikal.ac.cd\/index.php\/wp-json\/wp\/v2\/users\/1"}],"replies":[{"embeddable":true,"href":"https:\/\/unikal.ac.cd\/index.php\/wp-json\/wp\/v2\/comments?post=999"}],"version-history":[{"count":7,"href":"https:\/\/unikal.ac.cd\/index.php\/wp-json\/wp\/v2\/pages\/999\/revisions"}],"predecessor-version":[{"id":1016,"href":"https:\/\/unikal.ac.cd\/index.php\/wp-json\/wp\/v2\/pages\/999\/revisions\/1016"}],"wp:featuredmedia":[{"embeddable":true,"href":"https:\/\/unikal.ac.cd\/index.php\/wp-json\/wp\/v2\/media\/1002"}],"wp:attachment":[{"href":"https:\/\/unikal.ac.cd\/index.php\/wp-json\/wp\/v2\/media?parent=999"}],"curies":[{"name":"wp","href":"https:\/\/api.w.org\/{rel}","templated":true}]}}